{"id":5825,"date":"2025-04-17T16:59:53","date_gmt":"2025-04-17T15:59:53","guid":{"rendered":"http:\/\/fewujihu.cyon.site\/?page_id=5825"},"modified":"2026-03-02T19:33:25","modified_gmt":"2026-03-02T18:33:25","slug":"a-propos-de-moi","status":"publish","type":"page","link":"https:\/\/staging.tobias-egger.ch\/fr\/uber-mich\/","title":{"rendered":"A propos de moi"},"content":{"rendered":"<div class=\"et_pb_section_0 et_pb_section et_section_regular et_block_section section_has_divider et_pb_bottom_divider\"><div class=\"et_pb_row_0 et_pb_row et_block_row preset--module--divi-row--5138c454-be54-4233-bd3b-f8e6a8747976\"><div class=\"et_pb_column_0 et_pb_column et_pb_column_1_2 et_block_column et_pb_css_mix_blend_mode_passthrough preset--module--divi-column--73121f80-a3ef-4484-8763-c3f18e3c56d2\"><div class=\"et_pb_heading_0 et_pb_heading et_pb_module et_block_module preset--module--divi-heading--ddeb8c09-9078-4424-bc15-2efb6572e28e\"><div class=\"et_pb_heading_container\"><h1 class=\"et_pb_module_header\">A propos de moi<\/h1><\/div><\/div><div class=\"et_pb_heading_1 et_pb_heading et_pb_module et_block_module preset--module--divi-heading--f0c675ea-2574-4d0e-b725-30f8550a8550\"><div class=\"et_pb_heading_container\"><h2 class=\"et_pb_module_header\">En savoir plus sur moi et mon parcours<\/h2><\/div><\/div><div class=\"et_pb_text_0 et_pb_text et_pb_bg_layout_light et_pb_module et_block_module\"><div class=\"et_pb_text_inner\"><p>Votre contenu est ici. Modifiez ou supprimez ce texte en ligne ou dans le module Param\u00e8tres de contenu. Vous pouvez \u00e9galement donner un style \u00e0 chaque aspect de ce contenu dans le module Param\u00e8tres de conception et m\u00eame appliquer des CSS personnalis\u00e9s \u00e0 ce texte dans le module Param\u00e8tres avanc\u00e9s.<\/p>\n<\/div><\/div><\/div><div class=\"et_pb_column_1 et_pb_column et_pb_column_1_2 et-last-child et_block_column et_pb_column_empty et_pb_css_mix_blend_mode_passthrough preset--module--divi-column--73121f80-a3ef-4484-8763-c3f18e3c56d2\"><\/div><\/div><div class=\"et_pb_bottom_inside_divider et-no-transition\"><\/div><\/div><div class=\"et_pb_section_1 et_pb_section et_section_regular et_block_section\"><div class=\"et_pb_row_1 et_pb_row et_block_row et_animated\"><div class=\"et_pb_column_2 et_pb_column et_pb_column_4_4 et-last-child et_block_column et_pb_css_mix_blend_mode_passthrough\"><div class=\"et_pb_heading_2 et_pb_heading et_pb_module et_block_module\"><div class=\"et_pb_heading_container\"><h2 class=\"et_pb_module_header\">Nidau ma maison<\/h2><\/div><\/div><div class=\"et_pb_text_1 et_pb_text et_pb_bg_layout_light et_pb_module et_block_module\"><div class=\"et_pb_text_inner\"><p data-pm-slice=\"1 1 []\">Nidau est mon chez moi. C'est ici que j'ai grandi avec mes s\u0153urs, au sein d'une famille de cinq personnes.\n J'y ai nou\u00e9 des amiti\u00e9s pour la vie - et j'ai appris ce que cela signifie de faire partie d'une ville vivante. Ce lien \u00e9troit avec notre ville marque encore aujourd'hui ma pens\u00e9e et mon action \u2013 tant sur le plan personnel que politique.<\/p>\n<p data-pm-slice=\"1 1 []\">Depuis 2022, j'ai le plaisir de m'engager pour notre \u00ab Stedtli \u00bb et ses habitants et habitantes en tant que conseiller municipal et vice-pr\u00e9sident - auparavant, j'ai si\u00e9g\u00e9 pendant sept ans au conseil de ville. Cet engagement est pour moi une affaire de c\u0153ur - port\u00e9 par la conviction que la politique doit \u00eatre proche des gens.<\/p>\n<\/div><\/div><div class=\"et_pb_heading_3 et_pb_heading et_pb_module et_block_module\"><div class=\"et_pb_heading_container\"><h2 class=\"et_pb_module_header\">Parcours professionnel<\/h2><\/div><\/div><div class=\"et_pb_text_2 et_pb_text et_pb_bg_layout_light et_pb_module et_block_module\"><div class=\"et_pb_text_inner\"><p>Apr\u00e8s des \u00e9tudes de droit ax\u00e9es sur le droit public et administratif, mon parcours professionnel m'a d'abord conduit dans un cabinet d'avocats biennois. Aujourd'hui, je dirige une \u00e9quipe \u00e0 la Direction de la formation et de la culture du canton de Berne. J'y traite des questions juridiques complexes, je dirige des proc\u00e9dures et je conseille diff\u00e9rents groupes d'int\u00e9r\u00eats. J'apporte \u00e9galement ce savoir-faire dans mon travail politique - de mani\u00e8re objective, responsable et en ayant toujours \u00e0 l'esprit ce qui est faisable plut\u00f4t que des paragraphes vides.<\/p>\n<\/div><\/div><\/div><\/div><\/div><div class=\"et_pb_section_2 et_pb_section et_section_regular et_block_section\"><\/div><div class=\"et_pb_section_3 et_pb_section et_section_regular et_block_section\"><div class=\"et_pb_row_2 et_pb_row et_block_row et_animated\"><div class=\"et_pb_column_3 et_pb_column et_pb_column_4_4 et-last-child et_block_column et_pb_css_mix_blend_mode_passthrough\"><div class=\"et_pb_heading_4 et_pb_heading et_pb_module et_block_module\"><div class=\"et_pb_heading_container\"><h2 class=\"et_pb_module_header\">Sport et vie associative<\/h2><\/div><\/div><div class=\"et_pb_text_3 et_pb_text et_pb_bg_layout_light et_pb_module et_block_module\"><div class=\"et_pb_text_inner\"><p class=\"translation-block\"><p>\n  Le sport et la vie associative jouent un r\u00f4le important dans ma vie. Pendant de nombreuses ann\u00e9es, j'ai \u00e9t\u00e9 rameur actif au \n  <a href=\"https:\/\/seeclub-biel.ch\/\" class=\"ProsemirrorEditor-link\" target=\"_blank\" rel=\"noopener noreferrer nofollow\" role=\"link\">Seeclub de Bienne<\/a> \u2013 une p\u00e9riode marquante au cours de laquelle j'ai non seulement pu f\u00eater des succ\u00e8s sportifs, mais aussi apprendre l'esprit d'\u00e9quipe et la pers\u00e9v\u00e9rance. \n  Plus tard, j'ai jou\u00e9 au football am\u00e9ricain avec les \n  <a href=\"https:\/\/www.biennajets.com\/\" class=\"ProsemirrorEditor-link\" target=\"_blank\" rel=\"noopener noreferrer nofollow\" role=\"link\">Bienna Jets<\/a>. \n  M\u00eame si je ne m'y entra\u00eene plus activement aujourd'hui, je reste attach\u00e9 aux clubs \u2013 que ce soit en tant qu'aide \u00e0 la buvette ou en tant que supporteur sur la ligne de touche.\n<\/p><\/p>\n<p>Pour moi, le sport est plus qu'une activit\u00e9 physique - il me donne de l'\u00e9quilibre, de l'\u00e9nergie et une vision \u00e0 long terme. En faisant du jogging le long de la Thielle, en traversant le Seeland \u00e0 v\u00e9lo ou en nageant dans le lac de Bienne, je trouve le calme et de nouvelles forces - tout en profitant des plus beaux aspects de notre r\u00e9gion. En tant que spectateur, j'assiste r\u00e9guli\u00e8rement aux matches \u00e0 domicile du HC Bienne ou des Young Boys - car au bord du terrain aussi, je ressens la coh\u00e9sion et l'enthousiasme qui unissent les gens.<\/p>\n<h2><\/h2>\n<\/div><\/div><\/div><\/div><\/div><div class=\"et_pb_section_4 et_pb_section et_section_regular et_block_section\"><div class=\"et_pb_row_3 et_pb_row et-vb-row--no-module et_block_row\"><div class=\"et_pb_column_4 et_pb_column et_pb_column_4_4 et-last-child et_block_column et_pb_column_empty et_pb_css_mix_blend_mode_passthrough\"><\/div><\/div><\/div><div class=\"et_pb_section_5 et_pb_section et_section_regular et_block_section\"><div class=\"et_pb_row_4 et_pb_row et_block_row et_animated\"><div class=\"et_pb_column_5 et_pb_column et_pb_column_4_4 et-last-child et_block_column et_pb_css_mix_blend_mode_passthrough\"><div class=\"et_pb_heading_5 et_pb_heading et_pb_module et_block_module\"><div class=\"et_pb_heading_container\"><h2 class=\"et_pb_module_header\">L'attachement \u00e0 la r\u00e9gion<\/h2><\/div><\/div><div class=\"et_pb_text_4 et_pb_text et_pb_bg_layout_light et_pb_module et_block_module\"><div class=\"et_pb_text_inner\"><p>Mon attachement \u00e0 la r\u00e9gion, mon sens de l'entraide et ma volont\u00e9 de faire bouger les choses caract\u00e9risent \u00e9galement mon engagement politique. Je m'engage de toutes mes forces pour que Nidau - avec des logements \u00e0 loyers abordables, des structures publiques fortes et une politique qui communique ouvertement et pense \u00e0 long terme - offre de r\u00e9elles perspectives \u00e0 toutes les g\u00e9n\u00e9rations. Pour que Nidau reste une ville o\u00f9 il fait bon vivre : ouverte, vivante, solidaire et tourn\u00e9e vers l'avenir !<\/p>\n<\/div><\/div><\/div><\/div><\/div><div class=\"et_pb_section_6 et_pb_section et_section_regular et_block_section\"><div class=\"et_pb_row_5 et_pb_row et-vb-row--no-module et_block_row\"><div class=\"et_pb_column_6 et_pb_column et_pb_column_4_4 et-last-child et_block_column et_pb_column_empty et_pb_css_mix_blend_mode_passthrough\"><\/div><\/div><\/div><div class=\"et_pb_section_7 et_pb_section et_section_regular et_block_section\"><div class=\"et_pb_row_6 et_pb_row et_block_row et_animated\"><div class=\"et_pb_column_7 et_pb_column et_pb_column_4_4 et-last-child et_block_column et_pb_css_mix_blend_mode_passthrough\"><div class=\"et_pb_heading_6 et_pb_heading et_pb_module et_block_module\"><div class=\"et_pb_heading_container\"><h2 class=\"et_pb_module_header\">Images<\/h2><\/div><\/div><div class=\"et_pb_text_5 et_pb_text et_pb_bg_layout_light et_pb_module et_block_module\"><div class=\"et_pb_text_inner\"><p class=\"p1\">Je mets ici \u00e0 la disposition des journalistes et des personnes int\u00e9ress\u00e9es une s\u00e9lection de photos - que ce soit pour des articles dans la presse, sur les r\u00e9seaux sociaux ou pour une utilisation ult\u00e9rieure dans le cadre de mes activit\u00e9s politiques. Utilisation avec mention du photographe <a href=\"https:\/\/stoeh.ch\/\" target=\"_blank\" rel=\"noopener noreferrer nofollow\">St\u00f6h Gr\u00fcnig. <\/a>Formats haute r\u00e9solution sur <a href=\"https:\/\/staging.tobias-egger.ch\/fr\/contact\/\">Demande<\/a>.<\/p>\n<\/div><\/div><\/div><\/div><div class=\"et_pb_row_7 et_pb_row et_block_row\"><div class=\"et_pb_column_8 et_pb_column et_pb_column_4_4 et-last-child et_block_column et_pb_css_mix_blend_mode_passthrough\"><div class=\"et_pb_gallery_0 et_pb_gallery et_pb_bg_layout_light et_pb_gallery_grid et_pb_module\" data-auto-rotate=\"off\" data-auto-rotate-speed=\"\"><div class=\"et_pb_gallery_items et_post_gallery clearfix et_grid_module\" data-per_page=\"3\"><div class=\"et_pb_gallery_item et_pb_grid_item et_pb_gallery_item_0_0\"><div class=\"et_pb_gallery_image landscape\" data-per_page=\"3\"><a href=\"https:\/\/staging.tobias-egger.ch\/wp-content\/uploads\/2025\/04\/Tobias-Egger-Web-Def-9.jpg\" title=\"Tobias Egger Web Def (9)\"><img loading=\"lazy\" decoding=\"async\" width=\"400\" height=\"284\" src=\"https:\/\/staging.tobias-egger.ch\/wp-content\/uploads\/2025\/04\/Tobias-Egger-Web-Def-9-400x284.jpg\" alt=\"Un homme en costume sombre et lunettes se tient debout, l\u00e9g\u00e8rement souriant, dans une colonnade, avec des colonnes et un plafond en arri\u00e8re-plan.\" class=\"wp-image-6349\" srcset=\"https:\/\/staging.tobias-egger.ch\/wp-content\/uploads\/2025\/04\/Tobias-Egger-Web-Def-9.jpg 479w, https:\/\/staging.tobias-egger.ch\/wp-content\/uploads\/2025\/04\/Tobias-Egger-Web-Def-9-400x284.jpg 480w\" sizes=\"(max-width:479px) 479px, 100vw\" \/><span class=\"et_overlay\" data-icon=\"\" data-icon-tablet=\"\" data-icon-phone=\"\"><\/span><\/a><\/div><\/div><div class=\"et_pb_gallery_item et_pb_grid_item et_pb_gallery_item_0_1\"><div class=\"et_pb_gallery_image landscape\" data-per_page=\"3\"><a href=\"https:\/\/staging.tobias-egger.ch\/wp-content\/uploads\/2025\/04\/Tobias-Egger-Web-Def-6.jpg\" title=\"Tobias Egger Web Def (6)\"><img loading=\"lazy\" decoding=\"async\" width=\"400\" height=\"284\" src=\"https:\/\/staging.tobias-egger.ch\/wp-content\/uploads\/2025\/04\/Tobias-Egger-Web-Def-6-400x284.jpg\" alt=\"Un homme v\u00eatu d&#039;une chemise bleu clair est assis \u00e0 une table avec un ordinateur portable et sourit \u00e0 deux personnes qui tournent le dos \u00e0 la cam\u00e9ra.\" class=\"wp-image-6346\" srcset=\"https:\/\/staging.tobias-egger.ch\/wp-content\/uploads\/2025\/04\/Tobias-Egger-Web-Def-6.jpg 479w, https:\/\/staging.tobias-egger.ch\/wp-content\/uploads\/2025\/04\/Tobias-Egger-Web-Def-6-400x284.jpg 480w\" sizes=\"(max-width:479px) 479px, 100vw\" \/><span class=\"et_overlay\" data-icon=\"\" data-icon-tablet=\"\" data-icon-phone=\"\"><\/span><\/a><\/div><\/div><div class=\"et_pb_gallery_item et_pb_grid_item et_pb_gallery_item_0_2\"><div class=\"et_pb_gallery_image landscape\" data-per_page=\"3\"><a href=\"https:\/\/staging.tobias-egger.ch\/wp-content\/uploads\/2025\/04\/Tobias-Egger-Web-Def-8.jpg\" title=\"Tobias Egger Web Def (8)\"><img loading=\"lazy\" decoding=\"async\" width=\"400\" height=\"284\" src=\"https:\/\/staging.tobias-egger.ch\/wp-content\/uploads\/2025\/04\/Tobias-Egger-Web-Def-8-400x284.jpg\" alt=\"Un homme en costume sombre, chemise bleu clair et lunettes se tient debout, souriant, dans un couloir aux colonnes beiges.\" class=\"wp-image-6348\" srcset=\"https:\/\/staging.tobias-egger.ch\/wp-content\/uploads\/2025\/04\/Tobias-Egger-Web-Def-8.jpg 479w, https:\/\/staging.tobias-egger.ch\/wp-content\/uploads\/2025\/04\/Tobias-Egger-Web-Def-8-400x284.jpg 480w\" sizes=\"(max-width:479px) 479px, 100vw\" \/><span class=\"et_overlay\" data-icon=\"\" data-icon-tablet=\"\" data-icon-phone=\"\"><\/span><\/a><\/div><\/div><div class=\"et_pb_gallery_item et_pb_grid_item et_pb_gallery_item_0_3\"><div class=\"et_pb_gallery_image landscape\" data-per_page=\"3\"><a href=\"https:\/\/staging.tobias-egger.ch\/wp-content\/uploads\/2025\/04\/Tobias-Egger-Web-Def.jpg\" title=\"Tobias Egger Web Def\"><img loading=\"lazy\" decoding=\"async\" width=\"400\" height=\"284\" src=\"https:\/\/staging.tobias-egger.ch\/wp-content\/uploads\/2025\/04\/Tobias-Egger-Web-Def-400x284.jpg\" alt=\"Un homme en tenue d&#039;affaires parle pendant une conf\u00e9rence ou une r\u00e9union \u00e0 un podium \u00e9quip\u00e9 d&#039;un micro ; plusieurs personnes sont assises au premier plan.\" class=\"wp-image-6354\" srcset=\"https:\/\/staging.tobias-egger.ch\/wp-content\/uploads\/2025\/04\/Tobias-Egger-Web-Def.jpg 479w, https:\/\/staging.tobias-egger.ch\/wp-content\/uploads\/2025\/04\/Tobias-Egger-Web-Def-400x284.jpg 480w\" sizes=\"(max-width:479px) 479px, 100vw\" \/><span class=\"et_overlay\" data-icon=\"\" data-icon-tablet=\"\" data-icon-phone=\"\"><\/span><\/a><\/div><\/div><div class=\"et_pb_gallery_item et_pb_grid_item et_pb_gallery_item_0_4\"><div class=\"et_pb_gallery_image landscape\" data-per_page=\"3\"><a href=\"https:\/\/staging.tobias-egger.ch\/wp-content\/uploads\/2025\/04\/Tobias-Egger-Web-Def-3.jpg\" title=\"Tobias Egger Web Def (3)\"><img loading=\"lazy\" decoding=\"async\" width=\"400\" height=\"284\" src=\"https:\/\/staging.tobias-egger.ch\/wp-content\/uploads\/2025\/04\/Tobias-Egger-Web-Def-3-400x284.jpg\" alt=\"Un homme s&#039;adresse \u00e0 un groupe de personnes assises \u00e0 des tables avec des ordinateurs portables et des notebooks \u00e0 une estrade dans une salle de conf\u00e9rence.\" class=\"wp-image-6342\" srcset=\"https:\/\/staging.tobias-egger.ch\/wp-content\/uploads\/2025\/04\/Tobias-Egger-Web-Def-3.jpg 479w, https:\/\/staging.tobias-egger.ch\/wp-content\/uploads\/2025\/04\/Tobias-Egger-Web-Def-3-400x284.jpg 480w\" sizes=\"(max-width:479px) 479px, 100vw\" \/><span class=\"et_overlay\" data-icon=\"\" data-icon-tablet=\"\" data-icon-phone=\"\"><\/span><\/a><\/div><\/div><\/div><div class=\"et_pb_gallery_pagination\"><\/div><\/div><\/div><\/div><\/div>","protected":false},"excerpt":{"rendered":"","protected":false},"author":5,"featured_media":0,"parent":0,"menu_order":0,"comment_status":"closed","ping_status":"closed","template":"","meta":{"footnotes":""},"class_list":["post-5825","page","type-page","status-publish","hentry"],"_links":{"self":[{"href":"https:\/\/staging.tobias-egger.ch\/fr\/wp-json\/wp\/v2\/pages\/5825","targetHints":{"allow":["GET"]}}],"collection":[{"href":"https:\/\/staging.tobias-egger.ch\/fr\/wp-json\/wp\/v2\/pages"}],"about":[{"href":"https:\/\/staging.tobias-egger.ch\/fr\/wp-json\/wp\/v2\/types\/page"}],"author":[{"embeddable":true,"href":"https:\/\/staging.tobias-egger.ch\/fr\/wp-json\/wp\/v2\/users\/5"}],"replies":[{"embeddable":true,"href":"https:\/\/staging.tobias-egger.ch\/fr\/wp-json\/wp\/v2\/comments?post=5825"}],"version-history":[{"count":38,"href":"https:\/\/staging.tobias-egger.ch\/fr\/wp-json\/wp\/v2\/pages\/5825\/revisions"}],"predecessor-version":[{"id":6695,"href":"https:\/\/staging.tobias-egger.ch\/fr\/wp-json\/wp\/v2\/pages\/5825\/revisions\/6695"}],"wp:attachment":[{"href":"https:\/\/staging.tobias-egger.ch\/fr\/wp-json\/wp\/v2\/media?parent=5825"}],"curies":[{"name":"wp","href":"https:\/\/api.w.org\/{rel}","templated":true}]}}